{"id":75325,"date":"2023-10-04T08:47:16","date_gmt":"2023-10-04T06:47:16","guid":{"rendered":"https:\/\/drk2021.chorzow.pl\/?post_type=product&#038;p=75325"},"modified":"2026-03-17T10:24:00","modified_gmt":"2026-03-17T09:24:00","slug":"kalendarze-3d-plaskie-indywidualne","status":"publish","type":"product","link":"https:\/\/drukarnia.chorzow.pl\/en\/product\/kalendarze-3d-plaskie-indywidualne\/","title":{"rendered":"Kalendarze 3D &#8211; p\u0142askie indywidualne"},"content":{"rendered":"<h2>Kalendarze 3D &#8211; p\u0142askie indywidualne<\/h2>\n<div>Kalendarze tr\u00f3jdzielne w tej ofercie sk\u0142adaj\u0105 si\u0119 z <strong>g\u0142\u00f3wki p\u0142askiej i pleck\u00f3w drukowanych z jednego arkusza wg indywidualnego projektu,<\/strong> kalendarium oraz przesuwnego okienka. Formularz umo\u017cliwia ustawienie w\u0142asnych parametr\u00f3w druku. Do ka\u017cdego kalendarza standardowo do\u0142\u0105czamy pasek z tworzywa sztucznego z okienkiem przesuwnym \u2013 umo\u017cliwiaj\u0105cy zaznaczenie aktualnego dnia.<br \/>\nDo wyboru s\u0105 dwie wersje:<br \/>\n<strong>ZE STOPK\u0104<\/strong> miejscem pod kalendariami, kt\u00f3re mo\u017cna wykorzysta\u0107 na umieszczenie np. logo, danych adresowych<br \/>\nand <strong>BEZ STOPKI<\/strong> &#8211; kalendaria s\u0105 obni\u017cone co daje mo\u017cliwo\u015b\u0107 powi\u0119kszenia g\u0142\u00f3wki.<\/div>\n<div><\/div>\n<div>\n<div>\n<div><strong><br \/>\nG\u0142\u00f3wki i plecki kalendarzy trojdzielnych<\/strong>\u00a0drukowane s\u0105 na kartonie jednostronnie kredowanym\u00a0o gramaturze 300 g\/m<sup>2\u00a0<\/sup>\u00a0i stanowi\u0105 jedn\u0105 ca\u0142o\u015b\u0107. Druk wykonujemy wg projektu klienta (projekt nale\u017cy przes\u0142a\u0107 na adres:\u00a0<a href=\"mailto:dtp@drukarnia.chorzow.pl\">dtp@drukarnia.chorzow.pl<\/a>) lub \u2013 je\u015bli zostanie wybrana opcja ZAMAWIAM PROJEKT wykonujemy go\u00a0na zam\u00f3wienie wg dostarczonych materia\u0142\u00f3w \u2013 tre\u015b\u0107, dane teleadresowe, logo itp. \u2013 prosz\u0119 te materia\u0142y przes\u0142a\u0107 na ww. adres.<\/div>\n<\/div>\n<\/div>\n<div>\n<div>\n<p><b><br \/>\nKalendarium\u00a0<\/b>na rok 2026 z imieninami do wyboru w 2 wersjach kolorystycznych: czerwono-czarne lub czerwono-granatowe. Aktualny miesi\u0105c zawsze wyr\u00f3\u017cniaj\u0105cy si\u0119 ja\u015bniejszym t\u0142em, niedziele i \u015bwi\u0119ta w kolorze czerwonym. Komplet kalendarium na kalendarze tr\u00f3jdzielne sk\u0142ada si\u0119 z trzech cz\u0119\u015bci \u2013 ka\u017cda cz\u0119\u015b\u0107 ma 12 arkuszy z kolejnym miesi\u0105cem. Ka\u017cda z trzech cz\u0119\u015bci usztywniona jest kartonikiem od spodu. Kalendarium drukowane jest w wersji czteroj\u0119zykowej:<\/p>\n<p>\u2013 polski,<br \/>\n\u2013 niemiecki,<br \/>\n\u2013 angielski,<br \/>\n\u2013 ukrai\u0144ski.<\/p>\n<\/div>\n<\/div>\n<div>Tzw. podklejka kalendarium bardzo cz\u0119sto wykonana jest z makulatury \u2013 arkusze tektury pochodz\u0105cej z recyclingu. Jest to wysokiej jako\u015bci tektura u\u017cywana wcze\u015bniej do przygotowania druku ok\u0142adek itp., cz\u0119sto z nadrukiem. U\u017cycie takiego materia\u0142u przeznaczonego na makulatur\u0119 obni\u017ca koszt nie wp\u0142ywaj\u0105c jednocze\u015bnie na obni\u017cenie jako\u015bci produktu. Taka polityka proekologiczne spotyka si\u0119 z du\u017cym uznaniem naszych odbiorc\u00f3w.<\/div>\n<div>\n<div>\n<p>&nbsp;<\/p>\n<p><b>Parametry podstawowe: Kalendarze 3D &#8211; p\u0142askie indywidualne:<\/b><\/p>\n<\/div>\n<div>\u2013 wymiar kalendarza: 31,8 cm x 68,8 cm<\/div>\n<div>\u2013 wymiary pojedynczego kalendarium: szeroko\u015b\u0107: 27,7 cm, wysoko\u015b\u0107: 21,0 cm<br \/>\n\u2013 kalendarium czteroj\u0119zyczne (PL,GB, D, UA) z imionami, zaznaczonymi \u015bwi\u0119tami i numeracj\u0105 tygodni<br \/>\n\u2013 kalendarz ma pasek z czerwonym przesuwanym okienkiem<\/div>\n<\/div>","protected":false},"excerpt":{"rendered":"<p>KI-8<\/p>","protected":false},"featured_media":75328,"template":"","meta":[],"product_brand":[1102],"product_cat":[803,74,763],"product_tag":[1190,1191,1129],"class_list":{"0":"post-75325","1":"product","2":"type-product","3":"status-publish","4":"has-post-thumbnail","6":"product_brand-notapress","7":"product_cat-indywidualne","8":"product_cat-kalendarze","9":"product_cat-kalendarze_trojdzielne_plaskie_2026","10":"product_tag-autorski","11":"product_tag-tani","12":"product_tag-trojdzielny","14":"first","15":"instock","16":"taxable","17":"shipping-taxable","18":"purchasable","19":"product-type-simple"},"_links":{"self":[{"href":"https:\/\/drukarnia.chorzow.pl\/en\/wp-json\/wp\/v2\/product\/75325","targetHints":{"allow":["GET"]}}],"collection":[{"href":"https:\/\/drukarnia.chorzow.pl\/en\/wp-json\/wp\/v2\/product"}],"about":[{"href":"https:\/\/drukarnia.chorzow.pl\/en\/wp-json\/wp\/v2\/types\/product"}],"wp:featuredmedia":[{"embeddable":true,"href":"https:\/\/drukarnia.chorzow.pl\/en\/wp-json\/wp\/v2\/media\/75328"}],"wp:attachment":[{"href":"https:\/\/drukarnia.chorzow.pl\/en\/wp-json\/wp\/v2\/media?parent=75325"}],"wp:term":[{"taxonomy":"product_brand","embeddable":true,"href":"https:\/\/drukarnia.chorzow.pl\/en\/wp-json\/wp\/v2\/product_brand?post=75325"},{"taxonomy":"product_cat","embeddable":true,"href":"https:\/\/drukarnia.chorzow.pl\/en\/wp-json\/wp\/v2\/product_cat?post=75325"},{"taxonomy":"product_tag","embeddable":true,"href":"https:\/\/drukarnia.chorzow.pl\/en\/wp-json\/wp\/v2\/product_tag?post=75325"}],"curies":[{"name":"wp","href":"https:\/\/api.w.org\/{rel}","templated":true}]}}