{"id":35193,"date":"2023-05-23T11:41:58","date_gmt":"2023-05-23T09:41:58","guid":{"rendered":"https:\/\/drk2021.chorzow.pl\/?post_type=product&#038;p=35193"},"modified":"2025-09-02T12:44:25","modified_gmt":"2025-09-02T10:44:25","slug":"kalendarz_trojdzielny_zen","status":"publish","type":"product","link":"https:\/\/drukarnia.chorzow.pl\/en\/product\/kalendarz_trojdzielny_zen\/","title":{"rendered":"Kalendarz tr\u00f3jdzielny Zen (20szt)"},"content":{"rendered":"<div id=\"ez-toc-container\" class=\"ez-toc-v2_0_82_2 counter-hierarchy ez-toc-counter ez-toc-grey ez-toc-container-direction\">\n<div class=\"ez-toc-title-container\">\n<p class=\"ez-toc-title\" style=\"cursor:inherit\">SPIS TRE\u015aCI<\/p>\n<span class=\"ez-toc-title-toggle\"><a href=\"#\" class=\"ez-toc-pull-right ez-toc-btn ez-toc-btn-xs ez-toc-btn-default ez-toc-toggle\" aria-label=\"Toggle Table of Content\"><span class=\"ez-toc-js-icon-con\"><span class=\"\"><span class=\"eztoc-hide\" style=\"display:none;\">Toggle<\/span><span class=\"ez-toc-icon-toggle-span\"><svg style=\"fill: #999;color:#999\" xmlns=\"http:\/\/www.w3.org\/2000\/svg\" class=\"list-377408\" width=\"20px\" height=\"20px\" viewbox=\"0 0 24 24\" fill=\"none\"><path d=\"M6 6H4v2h2V6zm14 0H8v2h12V6zM4 11h2v2H4v-2zm16 0H8v2h12v-2zM4 16h2v2H4v-2zm16 0H8v2h12v-2z\" fill=\"currentColor\"><\/path><\/svg><svg style=\"fill: #999;color:#999\" class=\"arrow-unsorted-368013\" xmlns=\"http:\/\/www.w3.org\/2000\/svg\" width=\"10px\" height=\"10px\" viewbox=\"0 0 24 24\" version=\"1.2\" baseprofile=\"tiny\"><path d=\"M18.2 9.3l-6.2-6.3-6.2 6.3c-.2.2-.3.4-.3.7s.1.5.3.7c.2.2.4.3.7.3h11c.3 0 .5-.1.7-.3.2-.2.3-.5.3-.7s-.1-.5-.3-.7zM5.8 14.7l6.2 6.3 6.2-6.3c.2-.2.3-.5.3-.7s-.1-.5-.3-.7c-.2-.2-.4-.3-.7-.3h-11c-.3 0-.5.1-.7.3-.2.2-.3.5-.3.7s.1.5.3.7z\"\/><\/svg><\/span><\/span><\/span><\/a><\/span><\/div>\n<nav><ul class='ez-toc-list ez-toc-list-level-1' ><li class='ez-toc-page-1 ez-toc-heading-level-2'><a class=\"ez-toc-link ez-toc-heading-1\" href=\"https:\/\/drukarnia.chorzow.pl\/en\/product\/kalendarz_trojdzielny_zen\/#Kalendarz_trojdzielny_Zen_glowka_mala\" >Kalendarz tr\u00f3jdzielny Zen (g\u0142\u00f3wka ma\u0142a)<\/a><ul class='ez-toc-list-level-3' ><li class='ez-toc-heading-level-3'><a class=\"ez-toc-link ez-toc-heading-2\" href=\"https:\/\/drukarnia.chorzow.pl\/en\/product\/kalendarz_trojdzielny_zen\/#Cechy_kalendarza\" >Calendar features:<\/a><\/li><li class='ez-toc-page-1 ez-toc-heading-level-3'><a class=\"ez-toc-link ez-toc-heading-3\" href=\"https:\/\/drukarnia.chorzow.pl\/en\/product\/kalendarz_trojdzielny_zen\/#Przydatne_odnosniki\" >Useful links:<\/a><\/li><\/ul><\/li><li class='ez-toc-page-1 ez-toc-heading-level-2'><a class=\"ez-toc-link ez-toc-heading-4\" href=\"https:\/\/drukarnia.chorzow.pl\/en\/product\/kalendarz_trojdzielny_zen\/#Zen\" >Zen<\/a><\/li><\/ul><\/nav><\/div>\n<h2><span class=\"ez-toc-section\" id=\"Kalendarz_trojdzielny_Zen_glowka_mala\"><\/span>Kalendarz tr\u00f3jdzielny Zen (g\u0142\u00f3wka ma\u0142a)<span class=\"ez-toc-section-end\"><\/span><\/h2>\n<h3><span class=\"ez-toc-section\" id=\"Cechy_kalendarza\"><\/span><span id=\"Cechy_kalendarza\" class=\"ez-toc-section\"><\/span>Calendar features:<span class=\"ez-toc-section-end\"><\/span><\/h3>\n<p>\u2013 wymiar: 29,5 x 59 cm,<br \/>\n\u2013 miejsce nadruku na stopce: 59 x 9 cm<br \/>\n\u2013 wymiar zdj\u0119cia: 29,5 x 21 cm (lakierowane UV oprawione z efektem wypuk\u0142o\u015bci)<br \/>\n\u2013 kalendarium, wieloj\u0119zyczne (PL, GB, DE, UE) z numeracj\u0105 tygodni oraz imieninami,<br \/>\n\u2013 kalendarz ma pasek z czerwonym, przesuwnym okienkiem,<br \/>\n\u2013 opakowanie po 20 szt.,<br \/>\n\u2013 nazwa produktu: Kalendarz tr\u00f3jdzielny Zen,<br \/>\n\u2013 rok kalendarium: 2026<\/p>\n<h3><span class=\"ez-toc-section\" id=\"Przydatne_odnosniki\"><\/span><span id=\"Przydatne_odnosniki\" class=\"ez-toc-section\"><\/span>Useful links:<span class=\"ez-toc-section-end\"><\/span><\/h3>\n<p>You can see the calendar here:\u00a0<a href=\"https:\/\/kalendarium-trojdzielne.pl\/\" target=\"_blank\" rel=\"noopener\">https:\/\/kalendarium-trojdzielne.pl\/<\/a><\/p>\n<p>Look for the calendars section on the contact page:\u00a0<a href=\"https:\/\/drukarnia.chorzow.pl\/en\/kontakt\/\">https:\/\/drukarnia.chorzow.pl\/kontakt\/<\/a><\/p>\n<p>&nbsp;<\/p>\n<div class=\"WaaZC\">\n<div class=\"rPeykc pyPiTc\" data-hveid=\"CHEQAQ\" data-ved=\"2ahUKEwje84Po3NeNAxW_HhAIHQl_KBIQo_EKegQIcRAB\">\n<h2><span class=\"ez-toc-section\" id=\"Zen\"><\/span><span id=\"4_Pory_Roku\" class=\"ez-toc-section\"><\/span>Zen<span class=\"ez-toc-section-end\"><\/span><\/h2>\n<\/div>\n<\/div>\n<p>\u2013 wiosna: Rozpoczyna si\u0119 20\/21 marca (r\u00f3wnonoc wiosenna), a ko\u0144czy 31 maja.<br \/>\n\u2013 lato: Rozpoczyna si\u0119 21\/22 czerwca (przesilenie letnie), a ko\u0144czy 31 sierpnia.<br \/>\n\u2013 jesie\u0144: Rozpoczyna si\u0119 22\/23 wrze\u015bnia (r\u00f3wnonoc jesienna), a ko\u0144czy 30 listopada.<br \/>\n\u2013 zima: Rozpoczyna si\u0119 21\/22 grudnia (przesilenie zimowe), a ko\u0144czy 28 lutego (29 lutego w roku przest\u0119pnym).<\/p>","protected":false},"excerpt":{"rendered":"<p>3Dm\/652\/2<\/p>","protected":false},"featured_media":86011,"template":"","meta":[],"product_brand":[1217],"product_cat":[761],"product_tag":[435,1185,1129],"class_list":{"0":"post-35193","1":"product","2":"type-product","3":"status-publish","4":"has-post-thumbnail","6":"product_brand-crux","7":"product_cat-kalendarze_trojdzielne_standard_2026","8":"product_tag-kwiaty","9":"product_tag-relaks","10":"product_tag-trojdzielny","12":"first","13":"instock","14":"taxable","15":"shipping-taxable","16":"purchasable","17":"product-type-simple"},"_links":{"self":[{"href":"https:\/\/drukarnia.chorzow.pl\/en\/wp-json\/wp\/v2\/product\/35193","targetHints":{"allow":["GET"]}}],"collection":[{"href":"https:\/\/drukarnia.chorzow.pl\/en\/wp-json\/wp\/v2\/product"}],"about":[{"href":"https:\/\/drukarnia.chorzow.pl\/en\/wp-json\/wp\/v2\/types\/product"}],"wp:featuredmedia":[{"embeddable":true,"href":"https:\/\/drukarnia.chorzow.pl\/en\/wp-json\/wp\/v2\/media\/86011"}],"wp:attachment":[{"href":"https:\/\/drukarnia.chorzow.pl\/en\/wp-json\/wp\/v2\/media?parent=35193"}],"wp:term":[{"taxonomy":"product_brand","embeddable":true,"href":"https:\/\/drukarnia.chorzow.pl\/en\/wp-json\/wp\/v2\/product_brand?post=35193"},{"taxonomy":"product_cat","embeddable":true,"href":"https:\/\/drukarnia.chorzow.pl\/en\/wp-json\/wp\/v2\/product_cat?post=35193"},{"taxonomy":"product_tag","embeddable":true,"href":"https:\/\/drukarnia.chorzow.pl\/en\/wp-json\/wp\/v2\/product_tag?post=35193"}],"curies":[{"name":"wp","href":"https:\/\/api.w.org\/{rel}","templated":true}]}}