{"id":1231,"date":"2022-04-12T11:21:58","date_gmt":"2022-04-12T09:21:58","guid":{"rendered":"https:\/\/drk2021.chorzow.pl\/?post_type=product&#038;p=1231"},"modified":"2026-02-20T15:58:33","modified_gmt":"2026-02-20T14:58:33","slug":"kalendaria-trojdzielne-na-rok-2026","status":"publish","type":"product","link":"https:\/\/drukarnia.chorzow.pl\/en\/product\/kalendaria-trojdzielne-na-rok-2026\/","title":{"rendered":"Kalendaria tr\u00f3jdzielne na rok 2026 (czarne)"},"content":{"rendered":"<h1 style=\"text-align: center;\">Kalendaria tr\u00f3jdzielne na rok 2026 (czarne)<\/h1>\n<p>&nbsp;<\/p>\n<table>\n<tbody>\n<tr>\n<td>\n<div id=\"ez-toc-container\" class=\"ez-toc-v2_0_82_2 counter-hierarchy ez-toc-counter ez-toc-grey ez-toc-container-direction\">\n<div class=\"ez-toc-title-container\">\n<p class=\"ez-toc-title\" style=\"cursor:inherit\">SPIS TRE\u015aCI<\/p>\n<span class=\"ez-toc-title-toggle\"><a href=\"#\" class=\"ez-toc-pull-right ez-toc-btn ez-toc-btn-xs ez-toc-btn-default ez-toc-toggle\" aria-label=\"Toggle Table of Content\"><span class=\"ez-toc-js-icon-con\"><span class=\"\"><span class=\"eztoc-hide\" style=\"display:none;\">Toggle<\/span><span class=\"ez-toc-icon-toggle-span\"><svg style=\"fill: #999;color:#999\" xmlns=\"http:\/\/www.w3.org\/2000\/svg\" class=\"list-377408\" width=\"20px\" height=\"20px\" viewbox=\"0 0 24 24\" fill=\"none\"><path d=\"M6 6H4v2h2V6zm14 0H8v2h12V6zM4 11h2v2H4v-2zm16 0H8v2h12v-2zM4 16h2v2H4v-2zm16 0H8v2h12v-2z\" fill=\"currentColor\"><\/path><\/svg><svg style=\"fill: #999;color:#999\" class=\"arrow-unsorted-368013\" xmlns=\"http:\/\/www.w3.org\/2000\/svg\" width=\"10px\" height=\"10px\" viewbox=\"0 0 24 24\" version=\"1.2\" baseprofile=\"tiny\"><path d=\"M18.2 9.3l-6.2-6.3-6.2 6.3c-.2.2-.3.4-.3.7s.1.5.3.7c.2.2.4.3.7.3h11c.3 0 .5-.1.7-.3.2-.2.3-.5.3-.7s-.1-.5-.3-.7zM5.8 14.7l6.2 6.3 6.2-6.3c.2-.2.3-.5.3-.7s-.1-.5-.3-.7c-.2-.2-.4-.3-.7-.3h-11c-.3 0-.5.1-.7.3-.2.2-.3.5-.3.7s.1.5.3.7z\"\/><\/svg><\/span><\/span><\/span><\/a><\/span><\/div>\n<nav><ul class='ez-toc-list ez-toc-list-level-1' ><li class='ez-toc-page-1 ez-toc-heading-level-2'><a class=\"ez-toc-link ez-toc-heading-1\" href=\"https:\/\/drukarnia.chorzow.pl\/en\/product\/kalendaria-trojdzielne-na-rok-2026\/#Kalendaria_trojdzielne_na_rok_2026_%E2%80%93_opis\" >Kalendaria tr\u00f3jdzielne na rok 2026 &#8211; opis<\/a><ul class='ez-toc-list-level-3' ><li class='ez-toc-heading-level-3'><a class=\"ez-toc-link ez-toc-heading-2\" href=\"https:\/\/drukarnia.chorzow.pl\/en\/product\/kalendaria-trojdzielne-na-rok-2026\/#Uklad_miesiecy\" >Uk\u0142ad miesi\u0119cy<\/a><\/li><li class='ez-toc-page-1 ez-toc-heading-level-3'><a class=\"ez-toc-link ez-toc-heading-3\" href=\"https:\/\/drukarnia.chorzow.pl\/en\/product\/kalendaria-trojdzielne-na-rok-2026\/#Kolorystyka\" >Kolorystyka<\/a><\/li><li class='ez-toc-page-1 ez-toc-heading-level-3'><a class=\"ez-toc-link ez-toc-heading-4\" href=\"https:\/\/drukarnia.chorzow.pl\/en\/product\/kalendaria-trojdzielne-na-rok-2026\/#Wymiary_kazdego_bloczka_kalendarium\" >Wymiary ka\u017cdego bloczka kalendarium<\/a><\/li><li class='ez-toc-page-1 ez-toc-heading-level-3'><a class=\"ez-toc-link ez-toc-heading-5\" href=\"https:\/\/drukarnia.chorzow.pl\/en\/product\/kalendaria-trojdzielne-na-rok-2026\/#Wersje_jezykowe\" >Wersje j\u0119zykowe<\/a><\/li><li class='ez-toc-page-1 ez-toc-heading-level-3'><a class=\"ez-toc-link ez-toc-heading-6\" href=\"https:\/\/drukarnia.chorzow.pl\/en\/product\/kalendaria-trojdzielne-na-rok-2026\/#Dodatkowe_informacje_na_kalendarium\" >Dodatkowe informacje na kalendarium<\/a><\/li><\/ul><\/li><li class='ez-toc-page-1 ez-toc-heading-level-2'><a class=\"ez-toc-link ez-toc-heading-7\" href=\"https:\/\/drukarnia.chorzow.pl\/en\/product\/kalendaria-trojdzielne-na-rok-2026\/#Kalendaria_trojdzielne_na_rok_2026_%E2%80%93_dla_kogo_ten_produkt\" >Kalendaria tr\u00f3jdzielne na rok 2026 &#8211; dla kogo ten produkt?<\/a><ul class='ez-toc-list-level-3' ><li class='ez-toc-heading-level-3'><a class=\"ez-toc-link ez-toc-heading-8\" href=\"https:\/\/drukarnia.chorzow.pl\/en\/product\/kalendaria-trojdzielne-na-rok-2026\/#Drukarnie_wykonujace_kalendarze\" >Drukarnie wykonuj\u0105ce kalendarze<\/a><\/li><li class='ez-toc-page-1 ez-toc-heading-level-3'><a class=\"ez-toc-link ez-toc-heading-9\" href=\"https:\/\/drukarnia.chorzow.pl\/en\/product\/kalendaria-trojdzielne-na-rok-2026\/#Marketing_i_reklama\" >Marketing i reklama<\/a><\/li><\/ul><\/li><li class='ez-toc-page-1 ez-toc-heading-level-2'><a class=\"ez-toc-link ez-toc-heading-10\" href=\"https:\/\/drukarnia.chorzow.pl\/en\/product\/kalendaria-trojdzielne-na-rok-2026\/#Ekologia_%E2%80%93_z_dbaloscia_o_srodowisko\" >Ekologia &#8211; z dba\u0142o\u015bci\u0105 o \u015brodowisko<\/a><\/li><li class='ez-toc-page-1 ez-toc-heading-level-2'><a class=\"ez-toc-link ez-toc-heading-11\" href=\"https:\/\/drukarnia.chorzow.pl\/en\/product\/kalendaria-trojdzielne-na-rok-2026\/#Produkt_polski\" >Produkt polski<\/a><\/li><li class='ez-toc-page-1 ez-toc-heading-level-2'><a class=\"ez-toc-link ez-toc-heading-12\" href=\"https:\/\/drukarnia.chorzow.pl\/en\/product\/kalendaria-trojdzielne-na-rok-2026\/#Jak_zamowic\" >Jak zam\u00f3wi\u0107?<\/a><\/li><li class='ez-toc-page-1 ez-toc-heading-level-2'><a class=\"ez-toc-link ez-toc-heading-13\" href=\"https:\/\/drukarnia.chorzow.pl\/en\/product\/kalendaria-trojdzielne-na-rok-2026\/#Rabaty_i_promocje\" >Rabaty i promocje<\/a><ul class='ez-toc-list-level-3' ><li class='ez-toc-heading-level-3'><a class=\"ez-toc-link ez-toc-heading-14\" href=\"https:\/\/drukarnia.chorzow.pl\/en\/product\/kalendaria-trojdzielne-na-rok-2026\/#Rabat_agencyjny\" >Agency discount<\/a><\/li><li class='ez-toc-page-1 ez-toc-heading-level-3'><a class=\"ez-toc-link ez-toc-heading-15\" href=\"https:\/\/drukarnia.chorzow.pl\/en\/product\/kalendaria-trojdzielne-na-rok-2026\/#Rabat_GOZ\" >7R discount<\/a><\/li><li class='ez-toc-page-1 ez-toc-heading-level-3'><a class=\"ez-toc-link ez-toc-heading-16\" href=\"https:\/\/drukarnia.chorzow.pl\/en\/product\/kalendaria-trojdzielne-na-rok-2026\/#Promocje_przy_wiekszym_nakladzie\" >Promocje przy wi\u0119kszym nak\u0142adzie<\/a><\/li><\/ul><\/li><li class='ez-toc-page-1 ez-toc-heading-level-2'><a class=\"ez-toc-link ez-toc-heading-17\" href=\"https:\/\/drukarnia.chorzow.pl\/en\/product\/kalendaria-trojdzielne-na-rok-2026\/#Dlaczego_warto_wybrac_nas\" >Dlaczego warto wybra\u0107 nas?<\/a><\/li><\/ul><\/nav><\/div>\n<h2><span class=\"ez-toc-section\" id=\"Kalendaria_trojdzielne_na_rok_2026_%E2%80%93_opis\"><\/span><div class=\"is-divider divider clearfix\" style=\"max-width:100%;\"><\/div>\nKalendaria tr\u00f3jdzielne na rok 2026 &#8211; opis<span class=\"ez-toc-section-end\"><\/span><\/h2>\n<p>W kalendarium do kalendarzy tr\u00f3jdzielnych eksponuje aktualny miesi\u0105c (\u015brodkowy bloczek) wyr\u00f3\u017cniaj\u0105cy si\u0119 ja\u015bniejszym &#8211; bia\u0142ym t\u0142em. Pozosta\u0142e dwa bloczki maj\u0105 szare t\u0142o. Niedziele i \u015bwi\u0119ta s\u0105 w kolorze czerwonym, pozosta\u0142e dni w kolorze czarnym. Nasze kalendarium charakteryzuje si\u0119 du\u017cymi, czytelnymi napisami. Ze wzgl\u0119du na bardzo dobr\u0105 przejrzysto\u015b\u0107, ten typ kalendarium tr\u00f3jdzielnego cieszy si\u0119 najwi\u0119kszym zainteresowaniem. Poza tym kolorystyka czerwono-czarna jest najbardziej neutralna i pasuje do wi\u0119kszo\u015bci kalendarzy tr\u00f3jdzielnych.<\/p>\n<p>Kalendaria tr\u00f3jdzielne na rok 2026 sk\u0142adaj\u0105 si\u0119 z 3 bloczk\u00f3w, po 12 arkuszy ka\u017cdy. Kartonik dodawany na sp\u00f3d ka\u017cdego bloczka nadaje sztywno\u015b\u0107 i zapobiega odklejaniu si\u0119 kalendarium od pleck\u00f3w kalendarza. Ten element bardzo cz\u0119sto wykonany jest z makulatury &#8211; \u015bcinki tekturowe lub arkusze tektury pochodz\u0105ce z recyclingu. W zwi\u0105zku z tym kalendaria tr\u00f3jdzielne maj\u0105 nisk\u0105 cen\u0119 i kwalifikowane s\u0105 jako produkty cz\u0119\u015bciowo wykonane z materia\u0142\u00f3w wt\u00f3rnych.<\/p>\n<p>Kalendaria tr\u00f3jdzielne przeznaczone s\u0105 do naklejania na kalendarze tr\u00f3jdzielne na rok 2026.<\/p>\n<h3><span class=\"ez-toc-section\" id=\"Uklad_miesiecy\"><\/span>Uk\u0142ad miesi\u0119cy<span class=\"ez-toc-section-end\"><\/span><\/h3>\n<p>Komplet kalendarium obejmuje okres od grudnia 2025 do stycznia 2027 roku. Pierwszy blok (g\u00f3rny) 12 miesi\u0119cy zawiera okres od grudnia 2025 do listopada 2026. Drugi blok (\u015brodkowy) zawiera okres od stycznia 2025 do listopada 2026. Trzeci blok (dolny) zawiera okres od lutego 2025 do stycznia 2027. Odpowiednio dobrane 3 bloczki tworz\u0105 kalendarium na jeden kalendarz tr\u00f3jdzielny.\u00a0\u015arodkowy blok zawsze pokazuje bie\u017c\u0105cy miesi\u0105c.<\/p>\n<h3><span class=\"ez-toc-section\" id=\"Kolorystyka\"><\/span>Kolorystyka<span class=\"ez-toc-section-end\"><\/span><\/h3>\n<p>Ta wersja kalendarium drukowana jest w kolorach: czarny (Black) i kolor czerwony &#8211; wg wzornika Pantone: RED 32U. W ofercie jest r\u00f3wnie\u017c kalendarium w wersji granatowo-czerwonej, dost\u0119pne <a href=\"https:\/\/drukarnia.chorzow.pl\/en\/product\/kalendarium-trojdzielne-2026\/\">tu<\/a>.<\/p>\n<h3><span class=\"ez-toc-section\" id=\"Wymiary_kazdego_bloczka_kalendarium\"><\/span>Wymiary ka\u017cdego bloczka kalendarium<span class=\"ez-toc-section-end\"><\/span><\/h3>\n<p>Pojedynczy blok (jeden z trzech w komplecie) kalendarium ma szeroko\u015b\u0107: 277 mm i wysoko\u015b\u0107: 135 mm. Grubo\u015b\u0107 ok. 2 mm.<\/p>\n<h3><span class=\"ez-toc-section\" id=\"Wersje_jezykowe\"><\/span>Wersje j\u0119zykowe<span class=\"ez-toc-section-end\"><\/span><\/h3>\n<p>Nazwy miesi\u0119cy, tygodni i dni na ka\u017cdej karcie s\u0105 w czterech j\u0119zykach: polski, angielski, niemiecki, ukrai\u0144ski (PL, GB, D, UA)<\/p>\n<h3><span class=\"ez-toc-section\" id=\"Dodatkowe_informacje_na_kalendarium\"><\/span>Dodatkowe informacje na kalendarium<span class=\"ez-toc-section-end\"><\/span><\/h3>\n<p>Ka\u017cda karta miesi\u0105ca zawiera numeracj\u0119 tygodni i imieniny. Kartki kalendarium wykonane s\u0105 z papieru offsetowego o gramaturze 80 g\/m<sup>2<\/sup>, podklejki wykonane s\u0105 z kartonu o gramaturze od 200-350 g\/m<sup>2<\/sup>.<\/p>\n<div class=\"is-divider divider clearfix\" style=\"max-width:100%;\"><\/div>\n<p><strong>UWAGA!<\/strong> <strong>Kalendaria tr\u00f3jdzielne na rok 2026 sprzedawane jest bez okienka<\/strong>. Okienko mo\u017cna naby\u0107 w naszym sklepie jako odr\u0119bny produkt <a href=\"https:\/\/drukarnia.chorzow.pl\/en\/product\/okienka-do-kalendarzy\/\">tu<\/a>. Cena kalendarium uwzgl\u0119dnia rabat agencyjny &#8211; automatycznie naliczany przez system po zalogowaniu.<\/p>\n<p>Kalendaria tr\u00f3jdzielne na rok 2026 sprzedawane jest w kompletach 3 bloczk\u00f3w. Zamawiaj\u0105c liczb\u0119 n sztuk, zamawiasz n takich komplet\u00f3w. Ka\u017cdy komplet 3 bloczk\u00f3w pozwala wykona\u0107 jeden kalendarz tr\u00f3jdzielny.<\/p>\n<div class=\"is-divider divider clearfix\" style=\"max-width:100%;\"><\/div>\n<h2><span class=\"ez-toc-section\" id=\"Kalendaria_trojdzielne_na_rok_2026_%E2%80%93_dla_kogo_ten_produkt\"><\/span>Kalendaria tr\u00f3jdzielne na rok 2026 &#8211; dla kogo ten produkt?<span class=\"ez-toc-section-end\"><\/span><\/h2>\n<h3 style=\"margin-left: 10px;\"><span class=\"ez-toc-section\" id=\"Drukarnie_wykonujace_kalendarze\"><\/span>Drukarnie wykonuj\u0105ce kalendarze<span class=\"ez-toc-section-end\"><\/span><\/h3>\n<ul style=\"margin-left: 20px;\">\n<li>Drukarnie offsetowe<\/li>\n<li>Drukarnie cyfrowe<\/li>\n<li>Firmy poligraficzne<\/li>\n<li>Us\u0142ugi ksero<\/li>\n<\/ul>\n<h3 style=\"margin-left: 10px;\"><span class=\"ez-toc-section\" id=\"Marketing_i_reklama\"><\/span>Marketing i reklama<span class=\"ez-toc-section-end\"><\/span><\/h3>\n<ul style=\"margin-left: 20px;\">\n<li>Agencje reklamowe oferuj\u0105ce gad\u017cety B2B<\/li>\n<li>Agencje eventowe (gad\u017cety targowe, konferencje)<\/li>\n<li>Studia graficzne<\/li>\n<\/ul>\n<p>&nbsp;<\/p>\n<p>&nbsp;<\/p>\n<p>&nbsp;<\/td>\n<td>&nbsp;<\/p>\n<p>&nbsp;<\/p>\n<figure id=\"attachment_82227\" aria-describedby=\"caption-attachment-82227\" style=\"width: 400px\" class=\"wp-caption alignnone\"><img loading=\"lazy\" decoding=\"async\" class=\"size-medium wp-image-82227\" src=\"https:\/\/drukarnia.chorzow.pl\/wp-content\/uploads\/2022\/04\/kalendarium-3D-BLACK-400x400.jpg\" alt=\"Kalendaria tr\u00f3jdzielne na rok 2026\" width=\"400\" height=\"400\" title=\"\" srcset=\"https:\/\/drukarnia.chorzow.pl\/wp-content\/uploads\/2022\/04\/kalendarium-3D-BLACK-400x400.jpg 400w, https:\/\/drukarnia.chorzow.pl\/wp-content\/uploads\/2022\/04\/kalendarium-3D-BLACK-800x800.jpg 800w, https:\/\/drukarnia.chorzow.pl\/wp-content\/uploads\/2022\/04\/kalendarium-3D-BLACK-150x150.jpg 150w, https:\/\/drukarnia.chorzow.pl\/wp-content\/uploads\/2022\/04\/kalendarium-3D-BLACK-768x768.jpg 768w, https:\/\/drukarnia.chorzow.pl\/wp-content\/uploads\/2022\/04\/kalendarium-3D-BLACK-12x12.jpg 12w, https:\/\/drukarnia.chorzow.pl\/wp-content\/uploads\/2022\/04\/kalendarium-3D-BLACK-100x100.jpg 100w, https:\/\/drukarnia.chorzow.pl\/wp-content\/uploads\/2022\/04\/kalendarium-3D-BLACK-64x64.jpg 64w, https:\/\/drukarnia.chorzow.pl\/wp-content\/uploads\/2022\/04\/kalendarium-3D-BLACK.jpg 1080w\" sizes=\"auto, (max-width: 400px) 100vw, 400px\" \/><figcaption id=\"caption-attachment-82227\" class=\"wp-caption-text\">Kalendaria tr\u00f3jdzielne na rok 2026 &#8211; zdj\u0119cie jednego kompletu<\/figcaption><\/figure>\n<p>&nbsp;<\/p>\n<figure id=\"attachment_87021\" aria-describedby=\"caption-attachment-87021\" style=\"width: 396px\" class=\"wp-caption alignnone\"><img loading=\"lazy\" decoding=\"async\" class=\"wp-image-87021\" src=\"https:\/\/drukarnia.chorzow.pl\/wp-content\/uploads\/2022\/04\/3D-kalendarium_black-800x386.jpg\" alt=\"Kalendaria tr\u00f3jdzielne na rok 2026 wersja czarno-czerwona \u2013 g\u00f3rny blok \u2013 poprzedni miesi\u0105c\" width=\"396\" height=\"191\" title=\"\" srcset=\"https:\/\/drukarnia.chorzow.pl\/wp-content\/uploads\/2022\/04\/3D-kalendarium_black-800x386.jpg 800w, https:\/\/drukarnia.chorzow.pl\/wp-content\/uploads\/2022\/04\/3D-kalendarium_black-768x370.jpg 768w, https:\/\/drukarnia.chorzow.pl\/wp-content\/uploads\/2022\/04\/3D-kalendarium_black-18x9.jpg 18w, https:\/\/drukarnia.chorzow.pl\/wp-content\/uploads\/2022\/04\/3D-kalendarium_black-64x31.jpg 64w, https:\/\/drukarnia.chorzow.pl\/wp-content\/uploads\/2022\/04\/3D-kalendarium_black.jpg 1058w\" sizes=\"auto, (max-width: 396px) 100vw, 396px\" \/><figcaption id=\"caption-attachment-87021\" class=\"wp-caption-text\">Kalendaria tr\u00f3jdzielne na rok 2026 wersja czarno-czerwona \u2013 g\u00f3rny blok \u2013 poprzedni miesi\u0105c<\/figcaption><\/figure>\n<figure id=\"attachment_87022\" aria-describedby=\"caption-attachment-87022\" style=\"width: 393px\" class=\"wp-caption alignnone\"><img loading=\"lazy\" decoding=\"async\" class=\"wp-image-87022\" src=\"https:\/\/drukarnia.chorzow.pl\/wp-content\/uploads\/2022\/04\/3D-kalendarium_black1-800x386.jpg\" alt=\"Kalendaria tr\u00f3jdzielne na rok 2026 wersja czarno-czerwona \u2013 \u015brodkowy blok \u2013 bie\u017c\u0105cy miesi\u0105c\" width=\"393\" height=\"190\" title=\"\" srcset=\"https:\/\/drukarnia.chorzow.pl\/wp-content\/uploads\/2022\/04\/3D-kalendarium_black1-800x386.jpg 800w, https:\/\/drukarnia.chorzow.pl\/wp-content\/uploads\/2022\/04\/3D-kalendarium_black1-768x370.jpg 768w, https:\/\/drukarnia.chorzow.pl\/wp-content\/uploads\/2022\/04\/3D-kalendarium_black1-18x9.jpg 18w, https:\/\/drukarnia.chorzow.pl\/wp-content\/uploads\/2022\/04\/3D-kalendarium_black1-64x31.jpg 64w, https:\/\/drukarnia.chorzow.pl\/wp-content\/uploads\/2022\/04\/3D-kalendarium_black1.jpg 1058w\" sizes=\"auto, (max-width: 393px) 100vw, 393px\" \/><figcaption id=\"caption-attachment-87022\" class=\"wp-caption-text\">Kalendaria tr\u00f3jdzielne na rok 2026 wersja czarno-czerwona \u2013 \u015brodkowy blok \u2013 bie\u017c\u0105cy miesi\u0105c<\/figcaption><\/figure>\n<figure id=\"attachment_87023\" aria-describedby=\"caption-attachment-87023\" style=\"width: 396px\" class=\"wp-caption alignnone\"><img loading=\"lazy\" decoding=\"async\" class=\"wp-image-87023\" src=\"https:\/\/drukarnia.chorzow.pl\/wp-content\/uploads\/2022\/04\/3D-kalendarium_black2-800x386.jpg\" alt=\"Kalendaria tr\u00f3jdzielne na rok 2026 wersja czarno-czerwona \u2013 dolny blok \u2013 nast\u0119pny miesi\u0105c\" width=\"396\" height=\"191\" title=\"\" srcset=\"https:\/\/drukarnia.chorzow.pl\/wp-content\/uploads\/2022\/04\/3D-kalendarium_black2-800x386.jpg 800w, https:\/\/drukarnia.chorzow.pl\/wp-content\/uploads\/2022\/04\/3D-kalendarium_black2-768x370.jpg 768w, https:\/\/drukarnia.chorzow.pl\/wp-content\/uploads\/2022\/04\/3D-kalendarium_black2-18x9.jpg 18w, https:\/\/drukarnia.chorzow.pl\/wp-content\/uploads\/2022\/04\/3D-kalendarium_black2-64x31.jpg 64w, https:\/\/drukarnia.chorzow.pl\/wp-content\/uploads\/2022\/04\/3D-kalendarium_black2.jpg 1058w\" sizes=\"auto, (max-width: 396px) 100vw, 396px\" \/><figcaption id=\"caption-attachment-87023\" class=\"wp-caption-text\">Kalendaria tr\u00f3jdzielne na rok 2026 wersja czarno-czerwona \u2013 dolny blok \u2013 nast\u0119pny miesi\u0105c<\/figcaption><\/figure>\n<p>&nbsp;<\/p>\n<figure id=\"attachment_75328\" aria-describedby=\"caption-attachment-75328\" style=\"width: 394px\" class=\"wp-caption alignnone\"><img loading=\"lazy\" decoding=\"async\" class=\"wp-image-75328\" src=\"https:\/\/drukarnia.chorzow.pl\/wp-content\/uploads\/2023\/10\/Kalendarz_3D_plaski_cyfra.jpg\" alt=\"Kalendarz tr\u00f3jdzielny indywidualny p\u0142aski\" width=\"394\" height=\"394\" title=\"\" srcset=\"https:\/\/drukarnia.chorzow.pl\/wp-content\/uploads\/2023\/10\/Kalendarz_3D_plaski_cyfra.jpg 1080w, https:\/\/drukarnia.chorzow.pl\/wp-content\/uploads\/2023\/10\/Kalendarz_3D_plaski_cyfra-400x400.jpg 400w, https:\/\/drukarnia.chorzow.pl\/wp-content\/uploads\/2023\/10\/Kalendarz_3D_plaski_cyfra-800x800.jpg 800w, https:\/\/drukarnia.chorzow.pl\/wp-content\/uploads\/2023\/10\/Kalendarz_3D_plaski_cyfra-150x150.jpg 150w, https:\/\/drukarnia.chorzow.pl\/wp-content\/uploads\/2023\/10\/Kalendarz_3D_plaski_cyfra-768x768.jpg 768w, https:\/\/drukarnia.chorzow.pl\/wp-content\/uploads\/2023\/10\/Kalendarz_3D_plaski_cyfra-12x12.jpg 12w, https:\/\/drukarnia.chorzow.pl\/wp-content\/uploads\/2023\/10\/Kalendarz_3D_plaski_cyfra-100x100.jpg 100w, https:\/\/drukarnia.chorzow.pl\/wp-content\/uploads\/2023\/10\/Kalendarz_3D_plaski_cyfra-64x64.jpg 64w\" sizes=\"auto, (max-width: 394px) 100vw, 394px\" \/><figcaption id=\"caption-attachment-75328\" class=\"wp-caption-text\">Kalendaria tr\u00f3jdzielne na rok 2026 &#8211; przyk\u0142ad rozmieszczenia na kalendarzach<\/figcaption><\/figure>\n<p>&nbsp;<\/td>\n<\/tr>\n<\/tbody>\n<\/table>\n<div class=\"is-divider divider clearfix\" style=\"max-width:100%;\"><\/div>\n<h2><span class=\"ez-toc-section\" id=\"Ekologia_%E2%80%93_z_dbaloscia_o_srodowisko\"><\/span>Ekologia &#8211; z dba\u0142o\u015bci\u0105 o \u015brodowisko<span class=\"ez-toc-section-end\"><\/span><\/h2>\n<p>Tzw. podklejka kalendarium bardzo cz\u0119sto wykonana jest z makulatury \u2013 arkusze tektury pochodz\u0105cej z recyclingu produkcyjnego. Jest to wysokiej jako\u015bci tektura u\u017cywana wcze\u015bniej do przygotowania druku ok\u0142adek, teczek itp. Tektura z odzysku jest przycinana w taki spos\u00f3b, by finalnie w kalendarium nie wyst\u0119powa\u0142y \u017cadne \u015blady nadruku. U\u017cycie takiego materia\u0142u przeznaczonego na makulatur\u0119 obni\u017ca koszt kalendarium, nie wp\u0142ywaj\u0105c jednocze\u015bnie na obni\u017cenie jako\u015bci produktu.<\/p>\n<p>Wymiar kalendarium jest zoptymalizowany pod k\u0105tem odpad\u00f3w. W procesie produkcji praktycznie ich nie ma. Drobna \u015bcinka makulaturowa jest ch\u0119tnie odbierana przez firm\u0119 zajmuj\u0105c\u0105 si\u0119 recyklingiem odpad\u00f3w papierowych.<\/p>\n<p>Taka polityka proekologiczna spotyka si\u0119 z du\u017cym uznaniem naszych odbiorc\u00f3w.<\/p>\n<h2><span class=\"ez-toc-section\" id=\"Produkt_polski\"><\/span>Produkt polski<span class=\"ez-toc-section-end\"><\/span><\/h2>\n<p>Produkt wykonywany jest w 100 procentach z materia\u0142\u00f3w wyprodukowanych w Polsce. Papier pochodzi z Kwidzynia i Kostrzynia. Klej, kt\u00f3ry spaja wszystkie karty w jedn\u0105 ca\u0142o\u015b\u0107, r\u00f3wnie\u017c jest produkcji polskiej.<\/p>\n<h2><span class=\"ez-toc-section\" id=\"Jak_zamowic\"><\/span>Jak zam\u00f3wi\u0107?<span class=\"ez-toc-section-end\"><\/span><\/h2>\n<p>Na karcie niniejszego produktu wystarczy wpisa\u0107 odpowiedni\u0105 liczb\u0119 egzemplarzy, kt\u00f3r\u0105 chcesz kupi\u0107 i klikn\u0105\u0107: &#8222;DODAJ DO KOSZYKA&#8221;. Ca\u0142a pozosta\u0142a cz\u0119\u015b\u0107 zam\u00f3wienia przebiega jak w typowym e-sklepie.<\/p>\n<h2><span class=\"ez-toc-section\" id=\"Rabaty_i_promocje\"><\/span>Rabaty i promocje<span class=\"ez-toc-section-end\"><\/span><\/h2>\n<h3><span class=\"ez-toc-section\" id=\"Rabat_agencyjny\"><\/span>Agency discount<span class=\"ez-toc-section-end\"><\/span><\/h3>\n<p>Agencje reklamowe mog\u0105 liczy\u0107 na specjalne warunki wsp\u00f3\u0142pracy i rabaty hurtowe. Warunkiem uwzgl\u0119dniania rabat\u00f3w w wycenach jest posiadanie konta i zalogowanie.<\/p>\n<h3><span class=\"ez-toc-section\" id=\"Rabat_GOZ\"><\/span>7R discount<span class=\"ez-toc-section-end\"><\/span><\/h3>\n<p>W wybranych miesi\u0105cach mo\u017cesz skorzysta\u0107 z wysokiego rabatu GOZ \u2013 szczeg\u00f3\u0142y znajdziesz tutaj: <a href=\"https:\/\/drukarnia.chorzow.pl\/en\/rabat-goz\/\">7R discount<\/a>. Nasza firma posiada w\u0142asne \u017ar\u00f3d\u0142a energii. Korzy\u015bci z tego w ca\u0142o\u015bci pokrywaj\u0105 rabat GOZ. Dlatego gor\u0105co zach\u0119camy do korzystania z naszych us\u0142ug w <a href=\"https:\/\/drukarnia.chorzow.pl\/en\/rabat-goz\/\">wyznaczonych okresach<\/a>.<\/p>\n<h3><span class=\"ez-toc-section\" id=\"Promocje_przy_wiekszym_nakladzie\"><\/span>Promocje przy wi\u0119kszym nak\u0142adzie<span class=\"ez-toc-section-end\"><\/span><\/h3>\n<p>Mini-paletki reklamowe z nadrukiem na bokach i ka\u017cdej kartce dost\u0119pne s\u0105 w promocyjnych cenach przy wi\u0119kszych nak\u0142adach. Ten rodzaj zni\u017cki nie jest wyodr\u0119bniony, ale jest zawsze, automatycznie uwzgl\u0119dniany w wycenach.<\/p>\n<div class=\"is-divider divider clearfix\" style=\"max-width:100%;\"><\/div>\n<div>\n<div style=\"display: flex; align-items: center; gap: 15px; margin-bottom: 10px;\">\n<p><img decoding=\"async\" style=\"height: auto; display: block;\" src=\"https:\/\/drukarnia.chorzow.pl\/wp-content\/uploads\/2022\/02\/Logo_LogoGwiazdka.png\" alt=\"Logo Drukarnia Chorz\u00f3w\" width=\"30\" title=\"\"><\/p>\n<h2 data-label=\"Dlaczego warto wybra\u0107 nas?\"><span class=\"ez-toc-section\" id=\"Dlaczego_warto_wybrac_nas\"><\/span>Dlaczego warto wybra\u0107 nas?<span class=\"ez-toc-section-end\"><\/span><\/h2>\n<\/div>\n<ul style=\"margin-left: 20px;\">\n<li><strong>Producent, nie po\u015brednik:<\/strong> Produkujemy od A do Z \u2013 od selekcji drewna, przez druk, a\u017c po pakowanie. Masz pe\u0142n\u0105 kontrol\u0119 nad jako\u015bci\u0105.<\/li>\n<li><strong>Ka\u017cdy produkt mo\u017cesz u nas kupi\u0107 co do sztuki<\/strong>.<\/li>\n<li><strong>Ekologia, <\/strong>o kt\u00f3rej pisali\u015bmy powy\u017cej.<\/li>\n<li><strong>Szybka wysy\u0142ka:<\/strong> &#8211; bez wzgl\u0119du kt\u00f3ry wariant wysy\u0142ki wybierzesz, kalendarium wysy\u0142amy tego samego dnia lub w dniu nast\u0119pnym. Kurier dostarcza to na nast\u0119pny dzie\u0144.<\/li>\n<li><strong>Wspierasz GOZ i zr\u00f3wnowa\u017cony rozw\u00f3j <\/strong>&#8211; kupuj\u0105c ten produkt w miesi\u0105cach s\u0142onecznych wspierasz ochron\u0119 \u015brodowiska i dostajesz cen\u0119 uwzgl\u0119dniaj\u0105c\u0105 rabat GOZ.<\/li>\n<\/ul>\n<\/div>\n<div class=\"is-divider divider clearfix\" style=\"max-width:100%;\"><\/div>\n<p>&nbsp;<\/p>\n<p>Dost\u0119pna jest r\u00f3wnie\u017c wersja granatowo-czerwona \u2192 <a title=\"Kalendarium tr\u00f3jdzielne 2026 (granatowe)\" href=\"https:\/\/drukarnia.chorzow.pl\/en\/product\/kalendarium-trojdzielne-2026\/\" target=\"_blank\" rel=\"noopener\">https:\/\/drukarnia.chorzow.pl\/produkt\/kalendarium-trojdzielne-2026\/<\/a><\/p>\n<p>Zobacz r\u00f3wnie\u017c: <a href=\"https:\/\/kalendarium-trojdzielne.pl\" target=\"_blank\" rel=\"noopener\">https:\/\/kalendarium-trojdzielne.pl<\/a><\/p>\n<p style=\"text-align: center;\">&#x26a0;&#xfe0f; <em>Ca\u0142a tre\u015b\u0107 opisu oraz materia\u0142y graficzne stanowi\u0105 utw\u00f3r w rozumieniu art. 1 ustawy o prawie autorskim i prawach pokrewnych.<\/em><br \/>\n<em>Wszelkie kopiowanie, rozpowszechnianie lub wykorzystanie bez pisemnej zgody w\u0142a\u015bciciela \u2013 zabronione.<\/em><\/p>","protected":false},"excerpt":{"rendered":"<p>kalendarium-3D-czarne<\/p>","protected":false},"featured_media":82227,"template":"","meta":[],"product_brand":[1102],"product_cat":[755],"product_tag":[1141,1142],"class_list":{"0":"post-1231","1":"product","2":"type-product","3":"status-publish","4":"has-post-thumbnail","6":"product_brand-notapress","7":"product_cat-akcesoria","8":"product_tag-1141","9":"product_tag-kalendarium","11":"first","12":"outofstock","13":"taxable","14":"shipping-taxable","15":"purchasable","16":"product-type-simple"},"_links":{"self":[{"href":"https:\/\/drukarnia.chorzow.pl\/en\/wp-json\/wp\/v2\/product\/1231","targetHints":{"allow":["GET"]}}],"collection":[{"href":"https:\/\/drukarnia.chorzow.pl\/en\/wp-json\/wp\/v2\/product"}],"about":[{"href":"https:\/\/drukarnia.chorzow.pl\/en\/wp-json\/wp\/v2\/types\/product"}],"wp:featuredmedia":[{"embeddable":true,"href":"https:\/\/drukarnia.chorzow.pl\/en\/wp-json\/wp\/v2\/media\/82227"}],"wp:attachment":[{"href":"https:\/\/drukarnia.chorzow.pl\/en\/wp-json\/wp\/v2\/media?parent=1231"}],"wp:term":[{"taxonomy":"product_brand","embeddable":true,"href":"https:\/\/drukarnia.chorzow.pl\/en\/wp-json\/wp\/v2\/product_brand?post=1231"},{"taxonomy":"product_cat","embeddable":true,"href":"https:\/\/drukarnia.chorzow.pl\/en\/wp-json\/wp\/v2\/product_cat?post=1231"},{"taxonomy":"product_tag","embeddable":true,"href":"https:\/\/drukarnia.chorzow.pl\/en\/wp-json\/wp\/v2\/product_tag?post=1231"}],"curies":[{"name":"wp","href":"https:\/\/api.w.org\/{rel}","templated":true}]}}