{"id":1201,"date":"2022-04-12T08:29:23","date_gmt":"2022-04-12T06:29:23","guid":{"rendered":"https:\/\/drk2021.chorzow.pl\/?post_type=product&#038;p=1201"},"modified":"2025-10-24T10:36:59","modified_gmt":"2025-10-24T08:36:59","slug":"kalendarze-trojdzielne-promocja","status":"publish","type":"product","link":"https:\/\/drukarnia.chorzow.pl\/en\/product\/kalendarze-trojdzielne-promocja\/","title":{"rendered":"Kalendarze tr\u00f3jdzielne promocja"},"content":{"rendered":"<h1 style=\"text-align: center;\"><span style=\"text-decoration: underline;\"><strong>Kalendarze tr\u00f3jdzielne promocja<br \/><\/strong><\/span><b>oferta na rok 2026<\/b><\/h1>\n<h1 style=\"text-align: center;\">\u00a0<\/h1>\n<div id=\"ez-toc-container\" class=\"ez-toc-v2_0_82_2 counter-hierarchy ez-toc-counter ez-toc-grey ez-toc-container-direction\">\n<div class=\"ez-toc-title-container\">\n<p class=\"ez-toc-title\" style=\"cursor:inherit\">SPIS TRE\u015aCI<\/p>\n<span class=\"ez-toc-title-toggle\"><a href=\"#\" class=\"ez-toc-pull-right ez-toc-btn ez-toc-btn-xs ez-toc-btn-default ez-toc-toggle\" aria-label=\"Toggle Table of Content\"><span class=\"ez-toc-js-icon-con\"><span class=\"\"><span class=\"eztoc-hide\" style=\"display:none;\">Toggle<\/span><span class=\"ez-toc-icon-toggle-span\"><svg style=\"fill: #999;color:#999\" xmlns=\"http:\/\/www.w3.org\/2000\/svg\" class=\"list-377408\" width=\"20px\" height=\"20px\" viewbox=\"0 0 24 24\" fill=\"none\"><path d=\"M6 6H4v2h2V6zm14 0H8v2h12V6zM4 11h2v2H4v-2zm16 0H8v2h12v-2zM4 16h2v2H4v-2zm16 0H8v2h12v-2z\" fill=\"currentColor\"><\/path><\/svg><svg style=\"fill: #999;color:#999\" class=\"arrow-unsorted-368013\" xmlns=\"http:\/\/www.w3.org\/2000\/svg\" width=\"10px\" height=\"10px\" viewbox=\"0 0 24 24\" version=\"1.2\" baseprofile=\"tiny\"><path d=\"M18.2 9.3l-6.2-6.3-6.2 6.3c-.2.2-.3.4-.3.7s.1.5.3.7c.2.2.4.3.7.3h11c.3 0 .5-.1.7-.3.2-.2.3-.5.3-.7s-.1-.5-.3-.7zM5.8 14.7l6.2 6.3 6.2-6.3c.2-.2.3-.5.3-.7s-.1-.5-.3-.7c-.2-.2-.4-.3-.7-.3h-11c-.3 0-.5.1-.7.3-.2.2-.3.5-.3.7s.1.5.3.7z\"\/><\/svg><\/span><\/span><\/span><\/a><\/span><\/div>\n<nav><ul class='ez-toc-list ez-toc-list-level-1' ><li class='ez-toc-page-1 ez-toc-heading-level-2'><a class=\"ez-toc-link ez-toc-heading-1\" href=\"https:\/\/drukarnia.chorzow.pl\/en\/product\/kalendarze-trojdzielne-promocja\/#Kalendarze_trojdzielne_promocja_%E2%80%93_szczegoly_techniczne\" >Kalendarze tr\u00f3jdzielne promocja &#8211; szczeg\u00f3\u0142y techniczne<\/a><\/li><li class='ez-toc-page-1 ez-toc-heading-level-2'><a class=\"ez-toc-link ez-toc-heading-2\" href=\"https:\/\/drukarnia.chorzow.pl\/en\/product\/kalendarze-trojdzielne-promocja\/#Kalendarze_trojdzielne_promocja_%E2%80%93_przeglad_opcji\" >Kalendarze tr\u00f3jdzielne promocja &#8211; przegl\u0105d opcji\u00a0<\/a><\/li><li class='ez-toc-page-1 ez-toc-heading-level-2'><a class=\"ez-toc-link ez-toc-heading-3\" href=\"https:\/\/drukarnia.chorzow.pl\/en\/product\/kalendarze-trojdzielne-promocja\/#Kalendarze_trojdzielne_promocja_%E2%80%93_dla_kogo_ten_produkt\" >Kalendarze tr\u00f3jdzielne promocja &#8211; dla kogo ten produkt<\/a><\/li><\/ul><\/nav><\/div>\n<h2><span class=\"ez-toc-section\" id=\"Kalendarze_trojdzielne_promocja_%E2%80%93_szczegoly_techniczne\"><\/span><b>Calendars<\/b><b> tr\u00f3jdzielne promocja &#8211; szczeg\u00f3\u0142y techniczne<\/b><span class=\"ez-toc-section-end\"><\/span><\/h2>\n<p>Oferowane przez nas <strong>kalendarze tr\u00f3jdzielne promocja<\/strong> sk\u0142adaj\u0105 si\u0119 z:<\/p>\n<ul>\n<li><b>g\u0142\u00f3wki wypuk\u0142ej (przestrzennej)<\/b>,<\/li>\n<li><strong>pleck\u00f3w<\/strong>,<\/li>\n<li><strong>kalendarium,<\/strong><\/li>\n<li><strong>przesuwnego okienka,<\/strong><\/li>\n<li>koperty (opcja)<\/li>\n<\/ul>\n<p>G\u0142\u00f3wka i plecki w tej wersji kalendarzy s\u0105 drukowane wg indywidualnego projektu. Opcjonalnie zam\u00f3wi\u0107 mo\u017cna <strong>wykonanie<\/strong> projektu graficznego lub przes\u0142a\u0107 gotowy projekt na adres: <a href=\"mailto:dtp@drukarnia.chorzow.pl\">dtp@drukarnia.chorzow.pl<\/a>.<\/p>\n<p>Formularz umo\u017cliwia wycen\u0119 online na podstawie parametr\u00f3w druku, kt\u00f3rych warto\u015b\u0107 mo\u017cna zmienia\u0107 jak np. nak\u0142ad kalendarzy, ilo\u015b\u0107 kolor\u00f3w, rodzaj uszlachetnienia, w\u0142asny projekt, itd. W opcji dost\u0119pne s\u0105 eleganckie koperty. Do ka\u017cdego kalendarza standardowo do\u0142\u0105czamy pasek z tworzywa sztucznego z okienkiem przesuwnym.<\/p>\n<p>Kalendarze tr\u00f3jdzielne z g\u0142\u00f3wk\u0105 wypuk\u0142\u0105 sk\u0142adaj\u0105 si\u0119 z nast\u0119puj\u0105cych element\u00f3w:<\/p>\n<div>\n<p><b>G\u0142\u00f3wka<\/b>, kt\u00f3ra sk\u0142ada si\u0119 z 3 element\u00f3w:<\/p>\n<div>&#8211; arkusza z nadrukiem &#8211; jest to karton jednostronnie kredowany o gramaturze 230 g\/m<sup>2<\/sup>,<br \/>&#8211; tektury falistej &#8211; nadaj\u0105cej efekt wypuk\u0142o\u015bci &#8211; przestrzenno\u015bci,<br \/>&#8211; podklejki w kolorze bia\u0142ym<\/div>\n<p>Kalendarze tr\u00f3jdzielne posiadaj\u0105 dodatkowo element do zawieszania lub ma\u0142y otw\u00f3r.<br \/>Druk g\u0142\u00f3wki wykonujemy wg projektu klienta. Jest mo\u017cliwo\u015b\u0107 wykonania projektu przez naszych grafik\u00f3w.<\/p>\n<\/div>\n<div>\n<p><b>Plecki<\/b>\u00a0&#8211; to karton o gramaturze\u00a0300 g\/m<sup>2<\/sup>, na kt\u00f3rym przyklejone jest kalendarium. G\u00f3rna cz\u0119\u015b\u0107 \u0142\u0105czy si\u0119 z g\u0142\u00f3wk\u0105, poni\u017cej przyklejone jest kalendarium tr\u00f3jdzielne. W opcji mo\u017cna wybra\u0107 plecki z nadrukiem lub bez nadruku. W tym drugim przypadku kalendarze eksponuj\u0105 dane firmy na g\u0142\u00f3wce. Je\u017celi wybrana zostanie opcja pleck\u00f3w z nadrukiem, to umo\u017cliwiamy nadruk w kilku opcjach:<\/p>\n<div>&#8211; nadruk w jednym kolorze, kt\u00f3ry mo\u017cna zrealizowa\u0107 w uk\u0142adzie:<br \/>&#8211; bia\u0142e t\u0142o i dowolny kolor,<br \/>&#8211; kolor wydrukowany w kontrze, a grafika w kolorze podk\u0142adu &#8211; czyli bia\u0142a<br \/>&#8211; nadruk wielokolorowy,<\/div>\n<p>Kalendarze tr\u00f3jdzielne mog\u0105 mie\u0107 nadruki na pleckach na tzw. stopce i pomi\u0119dzy kalendariami.<\/p>\n<\/div>\n<div>\n<p><b>Kalendarium\u00a0<\/b>na rok 2026 z imieninami do wyboru w 2 wersjach kolorystycznych: czerwono-czarne lub czerwono-granatowe. Aktualny miesi\u0105c zawsze wyr\u00f3\u017cniaj\u0105cy si\u0119 ja\u015bniejszym t\u0142em, niedziele i \u015bwi\u0119ta w kolorze czerwonym. Komplet kalendarium na kalendarze tr\u00f3jdzielne sk\u0142ada si\u0119 z trzech cz\u0119\u015bci &#8211; ka\u017cda cz\u0119\u015b\u0107 ma 12 arkuszy z kolejnym miesi\u0105cem. Ka\u017cda z trzech cz\u0119\u015bci usztywniona jest kartonikiem od spodu. Kalendarium drukowane jest w wersji czteroj\u0119zykowej:<\/p>\n<div>&#8211; polski,<br \/>&#8211; niemiecki,<br \/>&#8211; angielski,<br \/>&#8211; ukrai\u0144ski.<\/div>\n<div>\u00a0<\/div>\n<\/div>\n<div>Tzw. podklejka kalendarium bardzo cz\u0119sto wykonana jest z makulatury &#8211; arkusze tektury pochodz\u0105cej z recyclingu. Jest to wysokiej jako\u015bci tektura u\u017cywana wcze\u015bniej do przygotowania druku ok\u0142adek itp., cz\u0119sto z nadrukiem. U\u017cycie takiego materia\u0142u przeznaczonego na makulatur\u0119 obni\u017ca koszt nie wp\u0142ywaj\u0105c jednocze\u015bnie na obni\u017cenie jako\u015bci produktu. Taka polityka proekologiczne spotyka si\u0119 z du\u017cym uznaniem naszych odbiorc\u00f3w.<\/div>\n<div>\u00a0<\/div>\n<div>\n<h2><span class=\"ez-toc-section\" id=\"Kalendarze_trojdzielne_promocja_%E2%80%93_przeglad_opcji\"><\/span><b>Calendars<\/b><b> tr\u00f3jdzielne promocja &#8211; przegl\u0105d opcji<\/b>\u00a0<span class=\"ez-toc-section-end\"><\/span><\/h2>\n<ul>\n<li>wymiar g\u0142\u00f3wki: 21 x 29,5 cm (A4),<\/li>\n<li>wymiar ca\u0142ego kalendarza tr\u00f3jdzielnego: 81,7 x 29,5 cm,<\/li>\n<li>wymiar pojedynczego kalendarium: 27,7 x 13,5 cm,<\/li>\n<\/ul>\n<\/div>\n<div>\n<h2><span class=\"ez-toc-section\" id=\"Kalendarze_trojdzielne_promocja_%E2%80%93_dla_kogo_ten_produkt\"><\/span><b>Calendars<\/b><b> tr\u00f3jdzielne promocja &#8211; dla kogo ten produkt<\/b><span class=\"ez-toc-section-end\"><\/span><\/h2>\n<p><b>Drukarnia NotaPress jako producent kalendarzy poleca swoje produkty do dalszej odsprzeda\u017cy dla agencji reklamowych (produkt wykonujemy bez oznacze\u0144 firmowych). Zapraszamy r\u00f3wnie\u017c do wsp\u00f3\u0142pracy firmy, kt\u00f3re chc\u0105 realizowa\u0107 kalendarze tr\u00f3jdzielne wed\u0142ug w\u0142asnego projektu.<\/b><\/p>\n<\/div>\n<p>Dla firm, kt\u00f3re nie posiadaj\u0105 w\u0142asnego projektu proponujemy wybra\u0107 gotowy wz\u00f3r z szerokiej bazy kalendarzy tr\u00f3jdzielnych. Zdj\u0119cia gotowych wzor\u00f3w kalendarzy tr\u00f3jdzielnych mo\u017cna sprawdzi\u0107 pod tym linkiem:\u00a0<br \/><a href=\"https:\/\/drukarnia.chorzow.pl\/en\/product-category\/kalendarze\/kalendarze_trojdzielne_2026\/\" target=\"_blank\" rel=\"noopener\">https:\/\/drukarnia.chorzow.pl\/kategoria-produktu\/kalendarze\/kalendarze_trojdzielne_2026\/<\/a><\/p>","protected":false},"excerpt":{"rendered":"<p>KI1 g\u0142\u00f3wka wypuk\u0142a 3D<\/p>","protected":false},"featured_media":82294,"template":"","meta":[],"product_brand":[],"product_cat":[803],"product_tag":[],"class_list":{"0":"post-1201","1":"product","2":"type-product","3":"status-publish","4":"has-post-thumbnail","6":"product_cat-indywidualne","8":"first","9":"instock","10":"taxable","11":"shipping-taxable","12":"purchasable","13":"product-type-simple"},"_links":{"self":[{"href":"https:\/\/drukarnia.chorzow.pl\/en\/wp-json\/wp\/v2\/product\/1201","targetHints":{"allow":["GET"]}}],"collection":[{"href":"https:\/\/drukarnia.chorzow.pl\/en\/wp-json\/wp\/v2\/product"}],"about":[{"href":"https:\/\/drukarnia.chorzow.pl\/en\/wp-json\/wp\/v2\/types\/product"}],"wp:featuredmedia":[{"embeddable":true,"href":"https:\/\/drukarnia.chorzow.pl\/en\/wp-json\/wp\/v2\/media\/82294"}],"wp:attachment":[{"href":"https:\/\/drukarnia.chorzow.pl\/en\/wp-json\/wp\/v2\/media?parent=1201"}],"wp:term":[{"taxonomy":"product_brand","embeddable":true,"href":"https:\/\/drukarnia.chorzow.pl\/en\/wp-json\/wp\/v2\/product_brand?post=1201"},{"taxonomy":"product_cat","embeddable":true,"href":"https:\/\/drukarnia.chorzow.pl\/en\/wp-json\/wp\/v2\/product_cat?post=1201"},{"taxonomy":"product_tag","embeddable":true,"href":"https:\/\/drukarnia.chorzow.pl\/en\/wp-json\/wp\/v2\/product_tag?post=1201"}],"curies":[{"name":"wp","href":"https:\/\/api.w.org\/{rel}","templated":true}]}}